{"id":5219,"date":"2025-05-29T12:12:33","date_gmt":"2025-05-29T10:12:33","guid":{"rendered":"https:\/\/female-resources.de\/?post_type=macherinnen&#038;p=5219"},"modified":"2025-06-10T10:06:53","modified_gmt":"2025-06-10T08:06:53","slug":"ellen-ehni","status":"publish","type":"macherinnen","link":"https:\/\/female-resources.de\/en\/macherinnen\/ellen-ehni\/","title":{"rendered":"Ellen Ehni"},"content":{"rendered":"<h2 class=\"wp-block-heading\">Als Chefredakteurin liegt Ihnen das Thema Depolarisierung besonders am Herzen. Sie appellieren an Ihre Kolleg:innen: &#8222;Wir m\u00fcssen zuh\u00f6ren. Wir m\u00fcssen die Leisen sichtbar machen. Und wir m\u00fcssen vielf\u00e4ltiger werden.\u201c \u2013 Was meint das konkret und eignen sich diese Leits\u00e4tze auch f\u00fcr F\u00fchrungskr\u00e4fte (anderer Branchen)?<\/h2>\n\n\n\n<p>Die Aufgabe des WDRs besteht darin, die Gesellschaft zusammenzuhalten und f\u00fcr ein diskriminierungsfreies Miteinander zu sorgen. Dazu geh\u00f6rt es, die Vielzahl und Vielfalt der Meinungen in Nordrhein-Westfalen abzubilden und Meinungspluralit\u00e4t herzustellen. Es ist wichtig, zuzuh\u00f6ren und alle Perspektiven zu sehen, um eine genaue Diskussion f\u00fchren zu k\u00f6nnen. Die aktuelle Lage mit ihren zahlreichen Herausforderungen frustriert die Menschen und macht sie anf\u00e4llig f\u00fcr einfache Botschaften und vermeintlich einfache L\u00f6sungen. Es ist jedoch wichtig, die Welt differenzierter zu betrachten und auch den weniger lauten Menschen zuzuh\u00f6ren.<\/p>\n\n\n\n<p>Es ist eine Herausforderung, die Sorgen aller Menschen im Sendegebiet abzubilden, besonders da die Mitarbeiter des WDRs auf Grund der eigenen Situation m\u00f6glicherweise blinde Flecken haben. Es ist wichtig, dass das Team divers ist und verschiedene Perspektiven einbringt. Diverse Teams bringen bessere Ergebnisse, auch wenn sie anstrengender sind und h\u00e4rtere Diskussionen f\u00fchren. Je vielschichtiger die Welt ist, die wir abbilden, desto wichtiger ist es, dass Unternehmen und Teams viele verschiedene Blickwinkel und Perspektiven abbilden. F\u00fchrungskr\u00e4fte sollten Anw\u00e4lte der Vielfalt sein und sicherstellen, dass alle Meinungen geh\u00f6rt werden und nicht nur die dominierende Meinung.<\/p>\n\n\n\n<h2 class=\"wp-block-heading\">Die Vereinbarkeit von Familie und Beruf ist auch im Jahr 2023 l\u00e4ngst keine Selbstverst\u00e4ndlichkeit. Frauen in F\u00fchrung mit (vor allem kleinen) Kindern gelten fast schon als Exotinnen. Wie kann es aus ihrer Sicht gelingen, dass Familienm\u00fctter in F\u00fchrungsetagen genauso selbstverst\u00e4ndlich werden, wie Familienv\u00e4ter?<\/h2>\n\n\n\n<p>Es gibt aus meiner Sicht drei wichtige Faktoren, die zur erfolgreichen Vereinbarkeit von Familie und Beruf beitragen. Erstens ist die Unterst\u00fctzung eines familienfreundlichen Arbeitgebers entscheidend, was unter anderem flexibles Arbeiten und Tandem-F\u00fchrungsmodelle etc. bedeutet. Zweitens ist es wichtig, dass Frauen selbst entschlossen und ehrgeizig sind, um in F\u00fchrungspositionen sichtbar zu werden. Drittens ist die Wahl des Partners oder der Partnerin von Bedeutung, der oder die Aufgaben im privaten Umfeld entsprechend \u00fcbernimmt. Diese Faktoren haben sich beim WDR bew\u00e4hrt, weshalb es erfolgreiche Beispiele f\u00fcr die Vereinbarkeit von Familie und Beruf gibt. Au\u00dferdem ist das Thema Kind und Karriere f\u00fcr mich eines, das Frauen und M\u00e4nner im Unternehmen gleicherma\u00dfen angeht.<\/p>\n\n\n\n<h2 class=\"wp-block-heading\">Im m\u00e4nnlich gepr\u00e4gten Berufsalltag sind Frauen h\u00e4ufig grenz\u00fcberschreitenden und sexuellen \u00dcbergriffen, aufgrund ihres Geschlechts, ausgesetzt. Viel zu oft werden diese Situationen nicht angesprochen oder werden aus Scham kleingeredet. Welche Tipps k\u00f6nnen Sie jungen Frauen in \u00e4hnlichen Situationen geben, um professionell, aber souver\u00e4n zu handeln?<\/h2>\n\n\n\n<p>Es ist wichtig, sich mit dem Problem sexueller \u00dcbergriffe auseinanderzusetzen und zu fragen, warum solche Vorf\u00e4lle immer noch passieren. Pers\u00f6nlich habe ich keine Erfahrungen mit sexuell unangemessenem Verhalten beim WDR gemacht, schlie\u00dfe jedoch nicht aus, dass solche Vorf\u00e4lle<br>existieren. Ich betone, dass dieses Verhalten inakzeptabel ist und ich dies nicht toleriere. In solchen Situationen ist Zivilcourage wichtig, ebenso wie die verbale Verteidigung. Betroffene Frauen sollten sich an ihre Vorgesetzten wenden und externe Beratungsstellen um Unterst\u00fctzung bitten.<\/p>\n\n\n\n<p>Es ist auch wichtig, die Umst\u00e4nde des \u00dcbergriffs zu analysieren und zu \u00fcberlegen, wer nicht reagiert hat oder sich unangemessen verhalten hat. In Situationen, in denen nur zwei Personen beteiligt sind, kann es schwierig sein, da es keine Zeugen gibt. Frauen werden ermutigt, sich zu wehren und sich nach dem Vorfall an Verantwortliche oder Vertrauenspersonen zu wenden, um L\u00f6sungen zu finden und zuk\u00fcnftige Vorf\u00e4lle zu verhindern.<\/p>\n\n\n\n<p>Der wichtigste Ansatzpunkt jedoch liegt zweifellos im allgemeinen Betriebsklima und der Zivilcourage. Es bedarf einer Kultur, in der \u00dcbergriffe nicht toleriert werden und in der jeder dazu beitr\u00e4gt, eine sichere und respektvolle Umgebung zu schaffen.<\/p>","protected":false},"featured_media":5270,"template":"","class_list":["post-5219","macherinnen","type-macherinnen","status-publish","has-post-thumbnail","hentry"],"yoast_head":"<!-- This site is optimized with the Yoast SEO plugin v27.1.1 - https:\/\/yoast.com\/product\/yoast-seo-wordpress\/ -->\n<title>Ellen Ehni - Female Resources \u2013\u00a0Attract. Retain. Accelerate.<\/title>\n<meta name=\"robots\" content=\"index, follow, max-snippet:-1, max-image-preview:large, max-video-preview:-1\" \/>\n<link rel=\"canonical\" href=\"https:\/\/female-resources.de\/en\/macherinnen\/ellen-ehni\/\" \/>\n<meta property=\"og:locale\" content=\"en_GB\" \/>\n<meta property=\"og:type\" content=\"article\" \/>\n<meta property=\"og:title\" content=\"Ellen Ehni - Female Resources \u2013\u00a0Attract. Retain. Accelerate.\" \/>\n<meta property=\"og:description\" content=\"Als Chefredakteurin liegt Ihnen das Thema Depolarisierung besonders am Herzen. Sie appellieren an Ihre Kolleg:innen: &#8222;Wir m\u00fcssen zuh\u00f6ren. Wir m\u00fcssen die Leisen sichtbar machen. Und wir m\u00fcssen vielf\u00e4ltiger werden.\u201c \u2013 Was meint das konkret und eignen sich diese Leits\u00e4tze auch f\u00fcr F\u00fchrungskr\u00e4fte (anderer Branchen)? Die Aufgabe des WDRs besteht darin, die Gesellschaft zusammenzuhalten und f\u00fcr [&hellip;]\" \/>\n<meta property=\"og:url\" content=\"https:\/\/female-resources.de\/en\/macherinnen\/ellen-ehni\/\" \/>\n<meta property=\"og:site_name\" content=\"Female Resources \u2013\u00a0Attract. Retain. Accelerate.\" \/>\n<meta property=\"article:modified_time\" content=\"2025-06-10T08:06:53+00:00\" \/>\n<meta property=\"og:image\" content=\"https:\/\/female-resources.de\/wp-content\/uploads\/2024\/08\/047_Ellen-Ehni.jpg\" \/>\n\t<meta property=\"og:image:width\" content=\"407\" \/>\n\t<meta property=\"og:image:height\" content=\"374\" \/>\n\t<meta property=\"og:image:type\" content=\"image\/jpeg\" \/>\n<meta name=\"twitter:card\" content=\"summary_large_image\" \/>\n<meta name=\"twitter:label1\" content=\"Estimated reading time\" \/>\n\t<meta name=\"twitter:data1\" content=\"4 minutes\" \/>\n<script type=\"application\/ld+json\" class=\"yoast-schema-graph\">{\"@context\":\"https:\/\/schema.org\",\"@graph\":[{\"@type\":\"WebPage\",\"@id\":\"https:\/\/female-resources.de\/macherinnen\/ellen-ehni\/\",\"url\":\"https:\/\/female-resources.de\/macherinnen\/ellen-ehni\/\",\"name\":\"Ellen Ehni - Female Resources \u2013\u00a0Attract. Retain. Accelerate.\",\"isPartOf\":{\"@id\":\"https:\/\/female-resources.de\/#website\"},\"primaryImageOfPage\":{\"@id\":\"https:\/\/female-resources.de\/macherinnen\/ellen-ehni\/#primaryimage\"},\"image\":{\"@id\":\"https:\/\/female-resources.de\/macherinnen\/ellen-ehni\/#primaryimage\"},\"thumbnailUrl\":\"https:\/\/female-resources.de\/wp-content\/uploads\/2024\/08\/047_Ellen-Ehni.jpg\",\"datePublished\":\"2025-05-29T10:12:33+00:00\",\"dateModified\":\"2025-06-10T08:06:53+00:00\",\"breadcrumb\":{\"@id\":\"https:\/\/female-resources.de\/macherinnen\/ellen-ehni\/#breadcrumb\"},\"inLanguage\":\"en-GB\",\"potentialAction\":[{\"@type\":\"ReadAction\",\"target\":[\"https:\/\/female-resources.de\/macherinnen\/ellen-ehni\/\"]}]},{\"@type\":\"ImageObject\",\"inLanguage\":\"en-GB\",\"@id\":\"https:\/\/female-resources.de\/macherinnen\/ellen-ehni\/#primaryimage\",\"url\":\"https:\/\/female-resources.de\/wp-content\/uploads\/2024\/08\/047_Ellen-Ehni.jpg\",\"contentUrl\":\"https:\/\/female-resources.de\/wp-content\/uploads\/2024\/08\/047_Ellen-Ehni.jpg\",\"width\":407,\"height\":374,\"caption\":\"ARD\/WDR PRESSECLUB am Sonntag um 12:00 Uhr im Ersten und in WDR 5, \u00dcbernahmen bei weiteren ARD-H\u00f6rfunksendern. J\u00f6rg Sch\u00f6nenborn (WDR), Volker Herres (Programmdirektor Erstes Deutsches Fernsehen, Bild) und Ellen Ehni (WDR) moderieren im Wechsel die Sendung. \u00a9 WDR\/Herby Sachs, honorarfrei - Verwendung gem\u00e4\u00df der AGB im engen inhaltlichen, redaktionellen Zusammenhang mit genannter WDR-Sendung und bei Nennung \\\"Bild: WDR\/Herby Sachs\\\" (S1+). WDR Kommunikation\/Redaktion Bild, K\u00f6ln, Tel: 0221\/220 -7132 oder -7133, Fax: -777132, bildredaktion@wdr.de\"},{\"@type\":\"BreadcrumbList\",\"@id\":\"https:\/\/female-resources.de\/macherinnen\/ellen-ehni\/#breadcrumb\",\"itemListElement\":[{\"@type\":\"ListItem\",\"position\":1,\"name\":\"Startseite\",\"item\":\"https:\/\/female-resources.de\/\"},{\"@type\":\"ListItem\",\"position\":2,\"name\":\"macherinnen\",\"item\":\"https:\/\/female-resources.de\/macherinnen\/\"},{\"@type\":\"ListItem\",\"position\":3,\"name\":\"Ellen Ehni\"}]},{\"@type\":\"WebSite\",\"@id\":\"https:\/\/female-resources.de\/#website\",\"url\":\"https:\/\/female-resources.de\/\",\"name\":\"Female Resources\",\"description\":\"Wir schaffen Unternehmen, in denen Frauen aufsteigen k\u00f6nnen und wollen.\",\"publisher\":{\"@id\":\"https:\/\/female-resources.de\/#organization\"},\"potentialAction\":[{\"@type\":\"SearchAction\",\"target\":{\"@type\":\"EntryPoint\",\"urlTemplate\":\"https:\/\/female-resources.de\/?s={search_term_string}\"},\"query-input\":{\"@type\":\"PropertyValueSpecification\",\"valueRequired\":true,\"valueName\":\"search_term_string\"}}],\"inLanguage\":\"en-GB\"},{\"@type\":\"Organization\",\"@id\":\"https:\/\/female-resources.de\/#organization\",\"name\":\"Female Resources\",\"url\":\"https:\/\/female-resources.de\/\",\"logo\":{\"@type\":\"ImageObject\",\"inLanguage\":\"en-GB\",\"@id\":\"https:\/\/female-resources.de\/#\/schema\/logo\/image\/\",\"url\":\"https:\/\/female-resources.de\/wp-content\/uploads\/2024\/06\/FR-Pink.svg\",\"contentUrl\":\"https:\/\/female-resources.de\/wp-content\/uploads\/2024\/06\/FR-Pink.svg\",\"width\":300,\"height\":100,\"caption\":\"Female Resources\"},\"image\":{\"@id\":\"https:\/\/female-resources.de\/#\/schema\/logo\/image\/\"}}]}<\/script>\n<!-- \/ Yoast SEO plugin. -->","yoast_head_json":{"title":"Ellen Ehni - Female Resources \u2013\u00a0Attract. Retain. Accelerate.","robots":{"index":"index","follow":"follow","max-snippet":"max-snippet:-1","max-image-preview":"max-image-preview:large","max-video-preview":"max-video-preview:-1"},"canonical":"https:\/\/female-resources.de\/en\/macherinnen\/ellen-ehni\/","og_locale":"en_GB","og_type":"article","og_title":"Ellen Ehni - Female Resources \u2013\u00a0Attract. Retain. Accelerate.","og_description":"Als Chefredakteurin liegt Ihnen das Thema Depolarisierung besonders am Herzen. Sie appellieren an Ihre Kolleg:innen: &#8222;Wir m\u00fcssen zuh\u00f6ren. Wir m\u00fcssen die Leisen sichtbar machen. Und wir m\u00fcssen vielf\u00e4ltiger werden.\u201c \u2013 Was meint das konkret und eignen sich diese Leits\u00e4tze auch f\u00fcr F\u00fchrungskr\u00e4fte (anderer Branchen)? Die Aufgabe des WDRs besteht darin, die Gesellschaft zusammenzuhalten und f\u00fcr [&hellip;]","og_url":"https:\/\/female-resources.de\/en\/macherinnen\/ellen-ehni\/","og_site_name":"Female Resources \u2013\u00a0Attract. Retain. Accelerate.","article_modified_time":"2025-06-10T08:06:53+00:00","og_image":[{"width":407,"height":374,"url":"https:\/\/female-resources.de\/wp-content\/uploads\/2024\/08\/047_Ellen-Ehni.jpg","type":"image\/jpeg"}],"twitter_card":"summary_large_image","twitter_misc":{"Estimated reading time":"4 minutes"},"schema":{"@context":"https:\/\/schema.org","@graph":[{"@type":"WebPage","@id":"https:\/\/female-resources.de\/macherinnen\/ellen-ehni\/","url":"https:\/\/female-resources.de\/macherinnen\/ellen-ehni\/","name":"Ellen Ehni - Female Resources \u2013\u00a0Attract. Retain. Accelerate.","isPartOf":{"@id":"https:\/\/female-resources.de\/#website"},"primaryImageOfPage":{"@id":"https:\/\/female-resources.de\/macherinnen\/ellen-ehni\/#primaryimage"},"image":{"@id":"https:\/\/female-resources.de\/macherinnen\/ellen-ehni\/#primaryimage"},"thumbnailUrl":"https:\/\/female-resources.de\/wp-content\/uploads\/2024\/08\/047_Ellen-Ehni.jpg","datePublished":"2025-05-29T10:12:33+00:00","dateModified":"2025-06-10T08:06:53+00:00","breadcrumb":{"@id":"https:\/\/female-resources.de\/macherinnen\/ellen-ehni\/#breadcrumb"},"inLanguage":"en-GB","potentialAction":[{"@type":"ReadAction","target":["https:\/\/female-resources.de\/macherinnen\/ellen-ehni\/"]}]},{"@type":"ImageObject","inLanguage":"en-GB","@id":"https:\/\/female-resources.de\/macherinnen\/ellen-ehni\/#primaryimage","url":"https:\/\/female-resources.de\/wp-content\/uploads\/2024\/08\/047_Ellen-Ehni.jpg","contentUrl":"https:\/\/female-resources.de\/wp-content\/uploads\/2024\/08\/047_Ellen-Ehni.jpg","width":407,"height":374,"caption":"ARD\/WDR PRESSECLUB am Sonntag um 12:00 Uhr im Ersten und in WDR 5, \u00dcbernahmen bei weiteren ARD-H\u00f6rfunksendern. J\u00f6rg Sch\u00f6nenborn (WDR), Volker Herres (Programmdirektor Erstes Deutsches Fernsehen, Bild) und Ellen Ehni (WDR) moderieren im Wechsel die Sendung. \u00a9 WDR\/Herby Sachs, honorarfrei - Verwendung gem\u00e4\u00df der AGB im engen inhaltlichen, redaktionellen Zusammenhang mit genannter WDR-Sendung und bei Nennung \"Bild: WDR\/Herby Sachs\" (S1+). WDR Kommunikation\/Redaktion Bild, K\u00f6ln, Tel: 0221\/220 -7132 oder -7133, Fax: -777132, bildredaktion@wdr.de"},{"@type":"BreadcrumbList","@id":"https:\/\/female-resources.de\/macherinnen\/ellen-ehni\/#breadcrumb","itemListElement":[{"@type":"ListItem","position":1,"name":"Startseite","item":"https:\/\/female-resources.de\/"},{"@type":"ListItem","position":2,"name":"macherinnen","item":"https:\/\/female-resources.de\/macherinnen\/"},{"@type":"ListItem","position":3,"name":"Ellen Ehni"}]},{"@type":"WebSite","@id":"https:\/\/female-resources.de\/#website","url":"https:\/\/female-resources.de\/","name":"Female Resources","description":"Wir schaffen Unternehmen, in denen Frauen aufsteigen k\u00f6nnen und wollen.","publisher":{"@id":"https:\/\/female-resources.de\/#organization"},"potentialAction":[{"@type":"SearchAction","target":{"@type":"EntryPoint","urlTemplate":"https:\/\/female-resources.de\/?s={search_term_string}"},"query-input":{"@type":"PropertyValueSpecification","valueRequired":true,"valueName":"search_term_string"}}],"inLanguage":"en-GB"},{"@type":"Organization","@id":"https:\/\/female-resources.de\/#organization","name":"Female Resources","url":"https:\/\/female-resources.de\/","logo":{"@type":"ImageObject","inLanguage":"en-GB","@id":"https:\/\/female-resources.de\/#\/schema\/logo\/image\/","url":"https:\/\/female-resources.de\/wp-content\/uploads\/2024\/06\/FR-Pink.svg","contentUrl":"https:\/\/female-resources.de\/wp-content\/uploads\/2024\/06\/FR-Pink.svg","width":300,"height":100,"caption":"Female Resources"},"image":{"@id":"https:\/\/female-resources.de\/#\/schema\/logo\/image\/"}}]}},"_links":{"self":[{"href":"https:\/\/female-resources.de\/en\/wp-json\/wp\/v2\/macherinnen\/5219","targetHints":{"allow":["GET"]}}],"collection":[{"href":"https:\/\/female-resources.de\/en\/wp-json\/wp\/v2\/macherinnen"}],"about":[{"href":"https:\/\/female-resources.de\/en\/wp-json\/wp\/v2\/types\/macherinnen"}],"wp:featuredmedia":[{"embeddable":true,"href":"https:\/\/female-resources.de\/en\/wp-json\/wp\/v2\/media\/5270"}],"wp:attachment":[{"href":"https:\/\/female-resources.de\/en\/wp-json\/wp\/v2\/media?parent=5219"}],"curies":[{"name":"wp","href":"https:\/\/api.w.org\/{rel}","templated":true}]}}