{"id":7185,"date":"2025-06-02T12:56:31","date_gmt":"2025-06-02T10:56:31","guid":{"rendered":"https:\/\/female-resources.de\/?post_type=macherinnen&#038;p=7185"},"modified":"2025-06-17T13:23:18","modified_gmt":"2025-06-17T11:23:18","slug":"dr-daniela-buechel","status":"publish","type":"macherinnen","link":"https:\/\/female-resources.de\/en\/macherinnen\/dr-daniela-buechel\/","title":{"rendered":"Dr. Daniela B\u00fcchel"},"content":{"rendered":"<h2 class=\"wp-block-heading\">Wie war Ihr Karriereweg?<\/h2>\n\n\n\n<p>Ich habe mich nach dem Abitur f\u00fcr ein \u00d6konomie-Studium an der idyllischen Uni Hohen\u00adheim in Stuttgart entschieden. W\u00e4hrend meines Studiums habe ich ein Auslands\u00adsemes\u00adter in Lissabon ab\u00adsolviert. Englisch und Franz\u00f6sisch konnte ich schon gut, nun wollte ich auch Portugiesisch lernen. Nach meinem Stu\u00addium habe ich am Institut f\u00fcr Handels\u00adforschung promoviert. Ich habe dort viele Beratungs\u00adprojekte, jedoch eher im Pharma\u00adbereich durch\u00adgef\u00fchrt. Einige Projek\u00adte f\u00fchrten mich auch in den LEH, unter ande\u00adrem habe ich die Ein\u00adf\u00fch\u00adrung der Balanced Score Card bei der REWE Group beglei\u00adtet. \u00dcber diesen Weg habe ich auch erste Kontak\u00adte zu REWE gekn\u00fcpft und war schnell \u00fcberzeugt bei der REWE einzu\u00adstei\u00adgen. Ausschlag\u00adgebend waren f\u00fcr mich die Dyna\u00admik des Business und der \u00fcberzeugende Chef! Bei REWE bin ich im Konzern\u00adcontrolling eingestie\u00adgen und habe dann diverse Bereiche verantwortet, u.a. das Konzern\u00admarke\u00adting, die Nach\u00adhaltig\u00adkeit und Public Affairs. Mir waren immer Themen wichtig, bei denen ich das Gef\u00fchl hatte, etwas bewe\u00adgen zu k\u00f6nnen. Im Mittel\u00adpunkt steht hier das Arbeiten mit Men\u00adschen, Wer\u00adten und anderen Kultu\u00adren.<\/p>\n\n\n\n<p>Es gibt nie den einen vor\u00adgezeichne\u00adten Karriere\u00adweg, es ist viel\u00admehr eine Mischung aus Leistungs\u00adbereit\u00adschaft, Eigen\u00adinitiati\u00adve, Offenheit und vor allem auch Gl\u00fcck. Ich hatte oft das Gl\u00fcck, zur richti\u00adgen Zeit am richtigen Ort zu sein. Und es ist wichtig, Menschen zu haben, die einem etwas zutrauen und einen f\u00f6rdern \u2013 ganz im Sinne eines Mentors. Auch ich hatte diverse Mentoren. Ich bin ich sehr stolz, ein Teil der REWE-Kultur sein zu d\u00fcrfen!<\/p>\n\n\n\n<h2 class=\"wp-block-heading\">Was w\u00fcrden Sie heute anders machen?<\/h2>\n\n\n\n<p>R\u00fcckblickend w\u00fcrde ich mir beim Start in eine gr\u00f6\u00dfere F\u00fchrungs\u00adrolle von vorne herein Unterst\u00fctzung durch ein entsprechendes Coaching holen. Vor 10 Jahren gab es quasi keine Coachings im Unternehmen. Es ist wichtig, das Thema F\u00fchrung sehr ernst zu nehmen und sich hier entsprechend zu entwickeln. Au\u00dferdem w\u00fcrde ich mir meine eigenen Ziele deutlicher formulieren. Es ist wichtig, auch mal \u201enein\u201c zu sagen und sich bewusst zu machen, welche Priorit\u00e4t man derzeit hat.<\/p>\n\n\n\n<h2 class=\"wp-block-heading\">Wie wichtig ist Netzwerken f\u00fcr Sie? Was bedeutet f\u00fcr Sie Netzwerken?<\/h2>\n\n\n\n<p>Netzwerken ist wichtig, ich bezeichne es jedoch lieber als Stake\u00adhol\u00adder Management. Es erweitert einfach den Blick\u00adwinkel. Ich selbst nutze Netz\u00adwer\u00adke, die einen inhaltlichen Be\u00adzug zu meiner Arbeit ha\u00adben, beispiels\u00adweise zu den Themen HR und Nachhaltig\u00adkeit, aber auch ein Vorstands\u00adnetz\u00adwerk, in dem ich mich regel\u00adm\u00e4\u00dfig engagiere.<\/p>","protected":false},"featured_media":15343,"template":"","class_list":["post-7185","macherinnen","type-macherinnen","status-publish","has-post-thumbnail","hentry"],"yoast_head":"<!-- This site is optimized with the Yoast SEO plugin v27.1.1 - https:\/\/yoast.com\/product\/yoast-seo-wordpress\/ -->\n<title>Dr. Daniela B\u00fcchel - Female Resources \u2013\u00a0Attract. Retain. Accelerate.<\/title>\n<meta name=\"robots\" content=\"index, follow, max-snippet:-1, max-image-preview:large, max-video-preview:-1\" \/>\n<link rel=\"canonical\" href=\"https:\/\/female-resources.de\/en\/macherinnen\/dr-daniela-buechel\/\" \/>\n<meta property=\"og:locale\" content=\"en_GB\" \/>\n<meta property=\"og:type\" content=\"article\" \/>\n<meta property=\"og:title\" content=\"Dr. Daniela B\u00fcchel - Female Resources \u2013\u00a0Attract. Retain. Accelerate.\" \/>\n<meta property=\"og:description\" content=\"Wie war Ihr Karriereweg? Ich habe mich nach dem Abitur f\u00fcr ein \u00d6konomie-Studium an der idyllischen Uni Hohen\u00adheim in Stuttgart entschieden. W\u00e4hrend meines Studiums habe ich ein Auslands\u00adsemes\u00adter in Lissabon ab\u00adsolviert. Englisch und Franz\u00f6sisch konnte ich schon gut, nun wollte ich auch Portugiesisch lernen. Nach meinem Stu\u00addium habe ich am Institut f\u00fcr Handels\u00adforschung promoviert. Ich [&hellip;]\" \/>\n<meta property=\"og:url\" content=\"https:\/\/female-resources.de\/en\/macherinnen\/dr-daniela-buechel\/\" \/>\n<meta property=\"og:site_name\" content=\"Female Resources \u2013\u00a0Attract. Retain. Accelerate.\" \/>\n<meta property=\"article:modified_time\" content=\"2025-06-17T11:23:18+00:00\" \/>\n<meta property=\"og:image\" content=\"https:\/\/female-resources.de\/wp-content\/uploads\/2025\/06\/DB_Offiziell-scaled.jpg\" \/>\n\t<meta property=\"og:image:width\" content=\"2560\" \/>\n\t<meta property=\"og:image:height\" content=\"1707\" \/>\n\t<meta property=\"og:image:type\" content=\"image\/jpeg\" \/>\n<meta name=\"twitter:card\" content=\"summary_large_image\" \/>\n<meta name=\"twitter:label1\" content=\"Estimated reading time\" \/>\n\t<meta name=\"twitter:data1\" content=\"3 minutes\" \/>\n<script type=\"application\/ld+json\" class=\"yoast-schema-graph\">{\"@context\":\"https:\/\/schema.org\",\"@graph\":[{\"@type\":\"WebPage\",\"@id\":\"https:\/\/female-resources.de\/macherinnen\/dr-daniela-buechel\/\",\"url\":\"https:\/\/female-resources.de\/macherinnen\/dr-daniela-buechel\/\",\"name\":\"Dr. Daniela B\u00fcchel - Female Resources \u2013\u00a0Attract. Retain. Accelerate.\",\"isPartOf\":{\"@id\":\"https:\/\/female-resources.de\/#website\"},\"primaryImageOfPage\":{\"@id\":\"https:\/\/female-resources.de\/macherinnen\/dr-daniela-buechel\/#primaryimage\"},\"image\":{\"@id\":\"https:\/\/female-resources.de\/macherinnen\/dr-daniela-buechel\/#primaryimage\"},\"thumbnailUrl\":\"https:\/\/female-resources.de\/wp-content\/uploads\/2025\/06\/DB_Offiziell-scaled.jpg\",\"datePublished\":\"2025-06-02T10:56:31+00:00\",\"dateModified\":\"2025-06-17T11:23:18+00:00\",\"breadcrumb\":{\"@id\":\"https:\/\/female-resources.de\/macherinnen\/dr-daniela-buechel\/#breadcrumb\"},\"inLanguage\":\"en-GB\",\"potentialAction\":[{\"@type\":\"ReadAction\",\"target\":[\"https:\/\/female-resources.de\/macherinnen\/dr-daniela-buechel\/\"]}]},{\"@type\":\"ImageObject\",\"inLanguage\":\"en-GB\",\"@id\":\"https:\/\/female-resources.de\/macherinnen\/dr-daniela-buechel\/#primaryimage\",\"url\":\"https:\/\/female-resources.de\/wp-content\/uploads\/2025\/06\/DB_Offiziell-scaled.jpg\",\"contentUrl\":\"https:\/\/female-resources.de\/wp-content\/uploads\/2025\/06\/DB_Offiziell-scaled.jpg\",\"width\":2560,\"height\":1707},{\"@type\":\"BreadcrumbList\",\"@id\":\"https:\/\/female-resources.de\/macherinnen\/dr-daniela-buechel\/#breadcrumb\",\"itemListElement\":[{\"@type\":\"ListItem\",\"position\":1,\"name\":\"Startseite\",\"item\":\"https:\/\/female-resources.de\/\"},{\"@type\":\"ListItem\",\"position\":2,\"name\":\"macherinnen\",\"item\":\"https:\/\/female-resources.de\/macherinnen\/\"},{\"@type\":\"ListItem\",\"position\":3,\"name\":\"Dr. Daniela B\u00fcchel\"}]},{\"@type\":\"WebSite\",\"@id\":\"https:\/\/female-resources.de\/#website\",\"url\":\"https:\/\/female-resources.de\/\",\"name\":\"Female Resources\",\"description\":\"Wir schaffen Unternehmen, in denen Frauen aufsteigen k\u00f6nnen und wollen.\",\"publisher\":{\"@id\":\"https:\/\/female-resources.de\/#organization\"},\"potentialAction\":[{\"@type\":\"SearchAction\",\"target\":{\"@type\":\"EntryPoint\",\"urlTemplate\":\"https:\/\/female-resources.de\/?s={search_term_string}\"},\"query-input\":{\"@type\":\"PropertyValueSpecification\",\"valueRequired\":true,\"valueName\":\"search_term_string\"}}],\"inLanguage\":\"en-GB\"},{\"@type\":\"Organization\",\"@id\":\"https:\/\/female-resources.de\/#organization\",\"name\":\"Female Resources\",\"url\":\"https:\/\/female-resources.de\/\",\"logo\":{\"@type\":\"ImageObject\",\"inLanguage\":\"en-GB\",\"@id\":\"https:\/\/female-resources.de\/#\/schema\/logo\/image\/\",\"url\":\"https:\/\/female-resources.de\/wp-content\/uploads\/2024\/06\/FR-Pink.svg\",\"contentUrl\":\"https:\/\/female-resources.de\/wp-content\/uploads\/2024\/06\/FR-Pink.svg\",\"width\":300,\"height\":100,\"caption\":\"Female Resources\"},\"image\":{\"@id\":\"https:\/\/female-resources.de\/#\/schema\/logo\/image\/\"}}]}<\/script>\n<!-- \/ Yoast SEO plugin. -->","yoast_head_json":{"title":"Dr. Daniela B\u00fcchel - Female Resources \u2013\u00a0Attract. Retain. Accelerate.","robots":{"index":"index","follow":"follow","max-snippet":"max-snippet:-1","max-image-preview":"max-image-preview:large","max-video-preview":"max-video-preview:-1"},"canonical":"https:\/\/female-resources.de\/en\/macherinnen\/dr-daniela-buechel\/","og_locale":"en_GB","og_type":"article","og_title":"Dr. Daniela B\u00fcchel - Female Resources \u2013\u00a0Attract. Retain. Accelerate.","og_description":"Wie war Ihr Karriereweg? Ich habe mich nach dem Abitur f\u00fcr ein \u00d6konomie-Studium an der idyllischen Uni Hohen\u00adheim in Stuttgart entschieden. W\u00e4hrend meines Studiums habe ich ein Auslands\u00adsemes\u00adter in Lissabon ab\u00adsolviert. Englisch und Franz\u00f6sisch konnte ich schon gut, nun wollte ich auch Portugiesisch lernen. Nach meinem Stu\u00addium habe ich am Institut f\u00fcr Handels\u00adforschung promoviert. Ich [&hellip;]","og_url":"https:\/\/female-resources.de\/en\/macherinnen\/dr-daniela-buechel\/","og_site_name":"Female Resources \u2013\u00a0Attract. Retain. Accelerate.","article_modified_time":"2025-06-17T11:23:18+00:00","og_image":[{"width":2560,"height":1707,"url":"https:\/\/female-resources.de\/wp-content\/uploads\/2025\/06\/DB_Offiziell-scaled.jpg","type":"image\/jpeg"}],"twitter_card":"summary_large_image","twitter_misc":{"Estimated reading time":"3 minutes"},"schema":{"@context":"https:\/\/schema.org","@graph":[{"@type":"WebPage","@id":"https:\/\/female-resources.de\/macherinnen\/dr-daniela-buechel\/","url":"https:\/\/female-resources.de\/macherinnen\/dr-daniela-buechel\/","name":"Dr. Daniela B\u00fcchel - Female Resources \u2013\u00a0Attract. Retain. Accelerate.","isPartOf":{"@id":"https:\/\/female-resources.de\/#website"},"primaryImageOfPage":{"@id":"https:\/\/female-resources.de\/macherinnen\/dr-daniela-buechel\/#primaryimage"},"image":{"@id":"https:\/\/female-resources.de\/macherinnen\/dr-daniela-buechel\/#primaryimage"},"thumbnailUrl":"https:\/\/female-resources.de\/wp-content\/uploads\/2025\/06\/DB_Offiziell-scaled.jpg","datePublished":"2025-06-02T10:56:31+00:00","dateModified":"2025-06-17T11:23:18+00:00","breadcrumb":{"@id":"https:\/\/female-resources.de\/macherinnen\/dr-daniela-buechel\/#breadcrumb"},"inLanguage":"en-GB","potentialAction":[{"@type":"ReadAction","target":["https:\/\/female-resources.de\/macherinnen\/dr-daniela-buechel\/"]}]},{"@type":"ImageObject","inLanguage":"en-GB","@id":"https:\/\/female-resources.de\/macherinnen\/dr-daniela-buechel\/#primaryimage","url":"https:\/\/female-resources.de\/wp-content\/uploads\/2025\/06\/DB_Offiziell-scaled.jpg","contentUrl":"https:\/\/female-resources.de\/wp-content\/uploads\/2025\/06\/DB_Offiziell-scaled.jpg","width":2560,"height":1707},{"@type":"BreadcrumbList","@id":"https:\/\/female-resources.de\/macherinnen\/dr-daniela-buechel\/#breadcrumb","itemListElement":[{"@type":"ListItem","position":1,"name":"Startseite","item":"https:\/\/female-resources.de\/"},{"@type":"ListItem","position":2,"name":"macherinnen","item":"https:\/\/female-resources.de\/macherinnen\/"},{"@type":"ListItem","position":3,"name":"Dr. Daniela B\u00fcchel"}]},{"@type":"WebSite","@id":"https:\/\/female-resources.de\/#website","url":"https:\/\/female-resources.de\/","name":"Female Resources","description":"Wir schaffen Unternehmen, in denen Frauen aufsteigen k\u00f6nnen und wollen.","publisher":{"@id":"https:\/\/female-resources.de\/#organization"},"potentialAction":[{"@type":"SearchAction","target":{"@type":"EntryPoint","urlTemplate":"https:\/\/female-resources.de\/?s={search_term_string}"},"query-input":{"@type":"PropertyValueSpecification","valueRequired":true,"valueName":"search_term_string"}}],"inLanguage":"en-GB"},{"@type":"Organization","@id":"https:\/\/female-resources.de\/#organization","name":"Female Resources","url":"https:\/\/female-resources.de\/","logo":{"@type":"ImageObject","inLanguage":"en-GB","@id":"https:\/\/female-resources.de\/#\/schema\/logo\/image\/","url":"https:\/\/female-resources.de\/wp-content\/uploads\/2024\/06\/FR-Pink.svg","contentUrl":"https:\/\/female-resources.de\/wp-content\/uploads\/2024\/06\/FR-Pink.svg","width":300,"height":100,"caption":"Female Resources"},"image":{"@id":"https:\/\/female-resources.de\/#\/schema\/logo\/image\/"}}]}},"_links":{"self":[{"href":"https:\/\/female-resources.de\/en\/wp-json\/wp\/v2\/macherinnen\/7185","targetHints":{"allow":["GET"]}}],"collection":[{"href":"https:\/\/female-resources.de\/en\/wp-json\/wp\/v2\/macherinnen"}],"about":[{"href":"https:\/\/female-resources.de\/en\/wp-json\/wp\/v2\/types\/macherinnen"}],"wp:featuredmedia":[{"embeddable":true,"href":"https:\/\/female-resources.de\/en\/wp-json\/wp\/v2\/media\/15343"}],"wp:attachment":[{"href":"https:\/\/female-resources.de\/en\/wp-json\/wp\/v2\/media?parent=7185"}],"curies":[{"name":"wp","href":"https:\/\/api.w.org\/{rel}","templated":true}]}}