{"id":9143,"date":"2024-09-30T22:51:12","date_gmt":"2024-09-30T20:51:12","guid":{"rendered":"https:\/\/female-resources.de\/?post_type=macherinnen&#038;p=9143"},"modified":"2025-06-10T10:29:18","modified_gmt":"2025-06-10T08:29:18","slug":"dr-sarah-brasack","status":"publish","type":"macherinnen","link":"https:\/\/female-resources.de\/en\/macherinnen\/dr-sarah-brasack\/","title":{"rendered":"Dr. Sarah Brasack"},"content":{"rendered":"<h2 class=\"wp-block-heading\">Was zeich\u00adnet dich als Mache\u00adrin aus? Siehst du dich \u00fcber\u00adhaupt so?<\/h2>\n\n\n\n<p>Ich w\u00fcrde mich nie selbst als Mache\u00adrin bezeich\u00adnen, aber ich glaube schon, dass ich gut organisie\u00adren und Auf\u00adga\u00adben schnell und effizient umset\u00adzen kann \u2013 au\u00dfer\u00addem, dass ich gu\u00adte Ide\u00aden habe und in der Lage bin, diese Ergeb\u00adnisse gemein\u00adsam mit meinem Team um\u00adzuset\u00adzen.<br>Das ist aber vielleicht auch eine frauen\u00adtypi\u00adsche Be\u00adschei\u00adden\u00adheit. Nat\u00fcr\u00adlich sind wir Macherinnen, aber das klingt aus eigener Perspek\u00adti\u00adve doch eher an\u00adge\u00adbe\u00adrisch. So etwas sagt man nicht gern \u00fcber sich selbst.<\/p>\n\n\n\n<h2 class=\"wp-block-heading\">Du stellst als Frau auf F\u00fchrungs\u00adebe\u00adne im Bereich der Re\u00addakti\u00adon eher eine \u201eBesonder\u00adheit\u201c dar. Wie hast du dich als Frau durch\u00adgesetzt? Was hat dich besonders ge\u00admacht?<\/h2>\n\n\n\n<p>Ich hab es gar nicht so empfun\u00adden, dass ich mich gegen jemanden durch\u00adgesetzt habe. Ich glaube, dass man einfach erkannt hat \u2013 und das ist ja auch nicht immer der Fall \u2013 dass ich gut bin in meinem Job. Aus meiner Sicht ist es immer noch h\u00e4ufig so, dass Vor\u00adgesetzte zu Mit\u00adarbeitern tendie\u00adren, die ihnen selbst \u00e4hnlich sind. Das ist dann h\u00e4ufig gleich\u00adgeschlechtlich einfacher. Da muss man das Gl\u00fcck haben, einen Vor\u00adgesetzten zu haben, der eher den Fo\u00adkus darauf setzt, eine gewisse Viel\u00adfalt im Team zu haben und der ganz neutral beurteilt, wer den Job am besten macht. Und dieses Gl\u00fcck habe ich einfach gehabt.<\/p>\n\n\n\n<h2 class=\"wp-block-heading\">Was ist dein Allein\u00adstellungs\u00admerk\u00admal\/USP?<\/h2>\n\n\n\n<p>Ich kann gut mit 15 B\u00e4llen gleich\u00adzeitig in der Luft jonglie\u00adren und verlie\u00adre dabei die einzelnen Aufga\u00adben nicht aus den Augen. Die F\u00e4higkeit des Multi\u00adtasking schreibt man ja eher Frauen zu \ud83d\ude09<\/p>\n\n\n\n<h2 class=\"wp-block-heading\">&#8230; ein perfekter \u00dcber\u00adgang zu deinem berufli\u00adchen Werde\u00adgang, der wie aussah?<\/h2>\n\n\n\n<p>Ich habe Musik\u00adwissenschaften, Germanistik &amp; Erziehungs\u00adwissen\u00adschaften studiert \u2013 und wollte unbedingt Journalistin werden. Nach dem Praktikum beim Ge\u00adneral-Anzei\u00adger bin ich dort als freie Mit\u00adarbeite\u00adrin ein\u00adgestiegen und habe zeit\u00adgleich beim WDR in K\u00f6ln gejobbt. Nach dem Magis\u00adter habe ich an der Uni ge\u00adarbei\u00adtet und dabei bereits organisatori\u00adsche und verantwortungs\u00advolle Auf\u00adgaben \u00fcber\u00adnommen. Als ich 30 wurde, habe ich schlie\u00dflich meinen Traum Journalistin zu werden in die Tat um\u00adge\u00adsetzt und beim K\u00f6lner-Stadt-Anzeiger ein zwei\u00adj\u00e4hriges Volontariat be\u00adgonnen. Danach bin ich in die Lokal\u00adredaktion Leverkusen ge\u00adwech\u00adselt und nach 6 Monaten stellv. Re\u00addak\u00adtions\u00adleiterin geworden. Noch ein halbes Jahr sp\u00e4ter bin ich Re\u00addaktions\u00adleiterin in Bergisch Gladbach geworden. Eigentlich hat mich immer jemand gefragt \u201eWillst du das nicht machen?\u201c und ich hab immer gedacht \u201eWarum eigentlich nicht?!?\u201c. In Bergisch Gladbach habe ich dann auch die Zusammen\u00adlegung der Lokal\u00adredaktio\u00adnen vom K\u00f6lner Stadt-Anzeiger und der K\u00f6lnischen Rundschau beglei\u00adtet und neben den \u201enormalen\u201c F\u00fchrungs\u00adaufga\u00adben noch aktiv an den Um\u00adstrukturierungs\u00adprozessen mit\u00adge\u00adwirkt. Nach dem Umbau bin ich dann nach K\u00f6ln in die gr\u00f6\u00dfte Lokal\u00adredaktion als stell\u00advertretende Ressort\u00adleite\u00adrin gewech\u00adselt.<\/p>","protected":false},"featured_media":5329,"template":"","class_list":["post-9143","macherinnen","type-macherinnen","status-publish","has-post-thumbnail","hentry"],"yoast_head":"<!-- This site is optimized with the Yoast SEO plugin v27.1.1 - https:\/\/yoast.com\/product\/yoast-seo-wordpress\/ -->\n<title>Dr. Sarah Brasack - Female Resources \u2013\u00a0Attract. Retain. Accelerate.<\/title>\n<meta name=\"robots\" content=\"index, follow, max-snippet:-1, max-image-preview:large, max-video-preview:-1\" \/>\n<link rel=\"canonical\" href=\"https:\/\/female-resources.de\/en\/macherinnen\/dr-sarah-brasack\/\" \/>\n<meta property=\"og:locale\" content=\"en_GB\" \/>\n<meta property=\"og:type\" content=\"article\" \/>\n<meta property=\"og:title\" content=\"Dr. Sarah Brasack - Female Resources \u2013\u00a0Attract. Retain. Accelerate.\" \/>\n<meta property=\"og:description\" content=\"Was zeich\u00adnet dich als Mache\u00adrin aus? Siehst du dich \u00fcber\u00adhaupt so? Ich w\u00fcrde mich nie selbst als Mache\u00adrin bezeich\u00adnen, aber ich glaube schon, dass ich gut organisie\u00adren und Auf\u00adga\u00adben schnell und effizient umset\u00adzen kann \u2013 au\u00dfer\u00addem, dass ich gu\u00adte Ide\u00aden habe und in der Lage bin, diese Ergeb\u00adnisse gemein\u00adsam mit meinem Team um\u00adzuset\u00adzen.Das ist aber [&hellip;]\" \/>\n<meta property=\"og:url\" content=\"https:\/\/female-resources.de\/en\/macherinnen\/dr-sarah-brasack\/\" \/>\n<meta property=\"og:site_name\" content=\"Female Resources \u2013\u00a0Attract. Retain. Accelerate.\" \/>\n<meta property=\"article:modified_time\" content=\"2025-06-10T08:29:18+00:00\" \/>\n<meta property=\"og:image\" content=\"https:\/\/female-resources.de\/wp-content\/uploads\/2024\/08\/106_Sarah-Brasack-I-DuMont-e1749111596871.jpg\" \/>\n\t<meta property=\"og:image:width\" content=\"746\" \/>\n\t<meta property=\"og:image:height\" content=\"907\" \/>\n\t<meta property=\"og:image:type\" content=\"image\/jpeg\" \/>\n<meta name=\"twitter:card\" content=\"summary_large_image\" \/>\n<meta name=\"twitter:label1\" content=\"Estimated reading time\" \/>\n\t<meta name=\"twitter:data1\" content=\"3 minutes\" \/>\n<script type=\"application\/ld+json\" class=\"yoast-schema-graph\">{\"@context\":\"https:\/\/schema.org\",\"@graph\":[{\"@type\":\"WebPage\",\"@id\":\"https:\/\/female-resources.de\/macherinnen\/dr-sarah-brasack\/\",\"url\":\"https:\/\/female-resources.de\/macherinnen\/dr-sarah-brasack\/\",\"name\":\"Dr. Sarah Brasack - Female Resources \u2013\u00a0Attract. Retain. Accelerate.\",\"isPartOf\":{\"@id\":\"https:\/\/female-resources.de\/#website\"},\"primaryImageOfPage\":{\"@id\":\"https:\/\/female-resources.de\/macherinnen\/dr-sarah-brasack\/#primaryimage\"},\"image\":{\"@id\":\"https:\/\/female-resources.de\/macherinnen\/dr-sarah-brasack\/#primaryimage\"},\"thumbnailUrl\":\"https:\/\/female-resources.de\/wp-content\/uploads\/2024\/08\/106_Sarah-Brasack-I-DuMont-e1749111596871.jpg\",\"datePublished\":\"2024-09-30T20:51:12+00:00\",\"dateModified\":\"2025-06-10T08:29:18+00:00\",\"breadcrumb\":{\"@id\":\"https:\/\/female-resources.de\/macherinnen\/dr-sarah-brasack\/#breadcrumb\"},\"inLanguage\":\"en-GB\",\"potentialAction\":[{\"@type\":\"ReadAction\",\"target\":[\"https:\/\/female-resources.de\/macherinnen\/dr-sarah-brasack\/\"]}]},{\"@type\":\"ImageObject\",\"inLanguage\":\"en-GB\",\"@id\":\"https:\/\/female-resources.de\/macherinnen\/dr-sarah-brasack\/#primaryimage\",\"url\":\"https:\/\/female-resources.de\/wp-content\/uploads\/2024\/08\/106_Sarah-Brasack-I-DuMont-e1749111596871.jpg\",\"contentUrl\":\"https:\/\/female-resources.de\/wp-content\/uploads\/2024\/08\/106_Sarah-Brasack-I-DuMont-e1749111596871.jpg\",\"width\":746,\"height\":907},{\"@type\":\"BreadcrumbList\",\"@id\":\"https:\/\/female-resources.de\/macherinnen\/dr-sarah-brasack\/#breadcrumb\",\"itemListElement\":[{\"@type\":\"ListItem\",\"position\":1,\"name\":\"Startseite\",\"item\":\"https:\/\/female-resources.de\/\"},{\"@type\":\"ListItem\",\"position\":2,\"name\":\"macherinnen\",\"item\":\"https:\/\/female-resources.de\/macherinnen\/\"},{\"@type\":\"ListItem\",\"position\":3,\"name\":\"Dr. Sarah Brasack\"}]},{\"@type\":\"WebSite\",\"@id\":\"https:\/\/female-resources.de\/#website\",\"url\":\"https:\/\/female-resources.de\/\",\"name\":\"Female Resources\",\"description\":\"Wir schaffen Unternehmen, in denen Frauen aufsteigen k\u00f6nnen und wollen.\",\"publisher\":{\"@id\":\"https:\/\/female-resources.de\/#organization\"},\"potentialAction\":[{\"@type\":\"SearchAction\",\"target\":{\"@type\":\"EntryPoint\",\"urlTemplate\":\"https:\/\/female-resources.de\/?s={search_term_string}\"},\"query-input\":{\"@type\":\"PropertyValueSpecification\",\"valueRequired\":true,\"valueName\":\"search_term_string\"}}],\"inLanguage\":\"en-GB\"},{\"@type\":\"Organization\",\"@id\":\"https:\/\/female-resources.de\/#organization\",\"name\":\"Female Resources\",\"url\":\"https:\/\/female-resources.de\/\",\"logo\":{\"@type\":\"ImageObject\",\"inLanguage\":\"en-GB\",\"@id\":\"https:\/\/female-resources.de\/#\/schema\/logo\/image\/\",\"url\":\"https:\/\/female-resources.de\/wp-content\/uploads\/2024\/06\/FR-Pink.svg\",\"contentUrl\":\"https:\/\/female-resources.de\/wp-content\/uploads\/2024\/06\/FR-Pink.svg\",\"width\":300,\"height\":100,\"caption\":\"Female Resources\"},\"image\":{\"@id\":\"https:\/\/female-resources.de\/#\/schema\/logo\/image\/\"}}]}<\/script>\n<!-- \/ Yoast SEO plugin. -->","yoast_head_json":{"title":"Dr. Sarah Brasack - Female Resources \u2013\u00a0Attract. Retain. Accelerate.","robots":{"index":"index","follow":"follow","max-snippet":"max-snippet:-1","max-image-preview":"max-image-preview:large","max-video-preview":"max-video-preview:-1"},"canonical":"https:\/\/female-resources.de\/en\/macherinnen\/dr-sarah-brasack\/","og_locale":"en_GB","og_type":"article","og_title":"Dr. Sarah Brasack - Female Resources \u2013\u00a0Attract. Retain. Accelerate.","og_description":"Was zeich\u00adnet dich als Mache\u00adrin aus? Siehst du dich \u00fcber\u00adhaupt so? Ich w\u00fcrde mich nie selbst als Mache\u00adrin bezeich\u00adnen, aber ich glaube schon, dass ich gut organisie\u00adren und Auf\u00adga\u00adben schnell und effizient umset\u00adzen kann \u2013 au\u00dfer\u00addem, dass ich gu\u00adte Ide\u00aden habe und in der Lage bin, diese Ergeb\u00adnisse gemein\u00adsam mit meinem Team um\u00adzuset\u00adzen.Das ist aber [&hellip;]","og_url":"https:\/\/female-resources.de\/en\/macherinnen\/dr-sarah-brasack\/","og_site_name":"Female Resources \u2013\u00a0Attract. Retain. Accelerate.","article_modified_time":"2025-06-10T08:29:18+00:00","og_image":[{"width":746,"height":907,"url":"https:\/\/female-resources.de\/wp-content\/uploads\/2024\/08\/106_Sarah-Brasack-I-DuMont-e1749111596871.jpg","type":"image\/jpeg"}],"twitter_card":"summary_large_image","twitter_misc":{"Estimated reading time":"3 minutes"},"schema":{"@context":"https:\/\/schema.org","@graph":[{"@type":"WebPage","@id":"https:\/\/female-resources.de\/macherinnen\/dr-sarah-brasack\/","url":"https:\/\/female-resources.de\/macherinnen\/dr-sarah-brasack\/","name":"Dr. Sarah Brasack - Female Resources \u2013\u00a0Attract. Retain. Accelerate.","isPartOf":{"@id":"https:\/\/female-resources.de\/#website"},"primaryImageOfPage":{"@id":"https:\/\/female-resources.de\/macherinnen\/dr-sarah-brasack\/#primaryimage"},"image":{"@id":"https:\/\/female-resources.de\/macherinnen\/dr-sarah-brasack\/#primaryimage"},"thumbnailUrl":"https:\/\/female-resources.de\/wp-content\/uploads\/2024\/08\/106_Sarah-Brasack-I-DuMont-e1749111596871.jpg","datePublished":"2024-09-30T20:51:12+00:00","dateModified":"2025-06-10T08:29:18+00:00","breadcrumb":{"@id":"https:\/\/female-resources.de\/macherinnen\/dr-sarah-brasack\/#breadcrumb"},"inLanguage":"en-GB","potentialAction":[{"@type":"ReadAction","target":["https:\/\/female-resources.de\/macherinnen\/dr-sarah-brasack\/"]}]},{"@type":"ImageObject","inLanguage":"en-GB","@id":"https:\/\/female-resources.de\/macherinnen\/dr-sarah-brasack\/#primaryimage","url":"https:\/\/female-resources.de\/wp-content\/uploads\/2024\/08\/106_Sarah-Brasack-I-DuMont-e1749111596871.jpg","contentUrl":"https:\/\/female-resources.de\/wp-content\/uploads\/2024\/08\/106_Sarah-Brasack-I-DuMont-e1749111596871.jpg","width":746,"height":907},{"@type":"BreadcrumbList","@id":"https:\/\/female-resources.de\/macherinnen\/dr-sarah-brasack\/#breadcrumb","itemListElement":[{"@type":"ListItem","position":1,"name":"Startseite","item":"https:\/\/female-resources.de\/"},{"@type":"ListItem","position":2,"name":"macherinnen","item":"https:\/\/female-resources.de\/macherinnen\/"},{"@type":"ListItem","position":3,"name":"Dr. Sarah Brasack"}]},{"@type":"WebSite","@id":"https:\/\/female-resources.de\/#website","url":"https:\/\/female-resources.de\/","name":"Female Resources","description":"Wir schaffen Unternehmen, in denen Frauen aufsteigen k\u00f6nnen und wollen.","publisher":{"@id":"https:\/\/female-resources.de\/#organization"},"potentialAction":[{"@type":"SearchAction","target":{"@type":"EntryPoint","urlTemplate":"https:\/\/female-resources.de\/?s={search_term_string}"},"query-input":{"@type":"PropertyValueSpecification","valueRequired":true,"valueName":"search_term_string"}}],"inLanguage":"en-GB"},{"@type":"Organization","@id":"https:\/\/female-resources.de\/#organization","name":"Female Resources","url":"https:\/\/female-resources.de\/","logo":{"@type":"ImageObject","inLanguage":"en-GB","@id":"https:\/\/female-resources.de\/#\/schema\/logo\/image\/","url":"https:\/\/female-resources.de\/wp-content\/uploads\/2024\/06\/FR-Pink.svg","contentUrl":"https:\/\/female-resources.de\/wp-content\/uploads\/2024\/06\/FR-Pink.svg","width":300,"height":100,"caption":"Female Resources"},"image":{"@id":"https:\/\/female-resources.de\/#\/schema\/logo\/image\/"}}]}},"_links":{"self":[{"href":"https:\/\/female-resources.de\/en\/wp-json\/wp\/v2\/macherinnen\/9143","targetHints":{"allow":["GET"]}}],"collection":[{"href":"https:\/\/female-resources.de\/en\/wp-json\/wp\/v2\/macherinnen"}],"about":[{"href":"https:\/\/female-resources.de\/en\/wp-json\/wp\/v2\/types\/macherinnen"}],"wp:featuredmedia":[{"embeddable":true,"href":"https:\/\/female-resources.de\/en\/wp-json\/wp\/v2\/media\/5329"}],"wp:attachment":[{"href":"https:\/\/female-resources.de\/en\/wp-json\/wp\/v2\/media?parent=9143"}],"curies":[{"name":"wp","href":"https:\/\/api.w.org\/{rel}","templated":true}]}}